{"id":8196,"date":"2024-06-26T09:08:40","date_gmt":"2024-06-26T09:08:40","guid":{"rendered":"https:\/\/www.palazzoriccucci.com\/?page_id=8196"},"modified":"2024-10-17T09:33:23","modified_gmt":"2024-10-17T09:33:23","slug":"la-nostra-famiglia","status":"publish","type":"page","link":"https:\/\/www.palazzoriccucci.com\/it\/la-nostra-famiglia","title":{"rendered":"La nostre radici"},"content":{"rendered":"\t\t<div data-elementor-type=\"wp-page\" data-elementor-id=\"8196\" class=\"elementor elementor-8196\">\n\t\t\t\t\t\t<section class=\"elementor-section elementor-top-section elementor-element elementor-element-d50935a qodef-elementor-content-grid elementor-section-full_width elementor-section-height-min-height elementor-section-stretched animated-slow elementor-section-height-default elementor-section-items-middle elementor-invisible\" data-id=\"d50935a\" data-element_type=\"section\" data-settings=\"{&quot;stretch_section&quot;:&quot;section-stretched&quot;,&quot;background_background&quot;:&quot;classic&quot;,&quot;animation&quot;:&quot;fadeIn&quot;,&quot;animation_tablet&quot;:&quot;fadeIn&quot;}\">\n\t\t\t\t\t\t\t<div class=\"elementor-background-overlay\"><\/div>\n\t\t\t\t\t\t\t<div class=\"elementor-container elementor-column-gap-default\">\n\t\t\t\t\t<div class=\"elementor-column elementor-col-100 elementor-top-column elementor-element elementor-element-87d3802\" data-id=\"87d3802\" data-element_type=\"column\">\n\t\t\t<div class=\"elementor-widget-wrap elementor-element-populated\">\n\t\t\t\t\t\t<div class=\"elementor-element elementor-element-b4f303c elementor-widget elementor-widget-heading\" data-id=\"b4f303c\" data-element_type=\"widget\" data-widget_type=\"heading.default\">\n\t\t\t\t<div class=\"elementor-widget-container\">\n\t\t\t<style>\/*! elementor - v3.22.0 - 17-06-2024 *\/\n.elementor-heading-title{padding:0;margin:0;line-height:1}.elementor-widget-heading .elementor-heading-title[class*=elementor-size-]>a{color:inherit;font-size:inherit;line-height:inherit}.elementor-widget-heading .elementor-heading-title.elementor-size-small{font-size:15px}.elementor-widget-heading .elementor-heading-title.elementor-size-medium{font-size:19px}.elementor-widget-heading .elementor-heading-title.elementor-size-large{font-size:29px}.elementor-widget-heading .elementor-heading-title.elementor-size-xl{font-size:39px}.elementor-widget-heading .elementor-heading-title.elementor-size-xxl{font-size:59px}<\/style><h6 class=\"elementor-heading-title elementor-size-default\">LA NOSTRA STORIA<\/h6>\t\t<\/div>\n\t\t\t\t<\/div>\n\t\t\t\t<div class=\"elementor-element elementor-element-385bf21 elementor-widget elementor-widget-heading\" data-id=\"385bf21\" data-element_type=\"widget\" data-widget_type=\"heading.default\">\n\t\t\t\t<div class=\"elementor-widget-container\">\n\t\t\t<h5 class=\"elementor-heading-title elementor-size-default\">La nostra storia \u00e8 unica e fortemente radicata nel territorio.\n<\/h5>\t\t<\/div>\n\t\t\t\t<\/div>\n\t\t\t\t\t<\/div>\n\t\t<\/div>\n\t\t\t\t\t<\/div>\n\t\t<\/section>\n\t\t\t\t<section class=\"elementor-section elementor-top-section elementor-element elementor-element-997a448 qodef-elementor-content-grid elementor-section-full_width elementor-section-stretched elementor-section-height-min-height animated-slow elementor-section-height-default elementor-section-items-middle elementor-invisible\" data-id=\"997a448\" data-element_type=\"section\" data-settings=\"{&quot;stretch_section&quot;:&quot;section-stretched&quot;,&quot;background_background&quot;:&quot;classic&quot;,&quot;animation&quot;:&quot;fadeIn&quot;,&quot;animation_tablet&quot;:&quot;fadeIn&quot;,&quot;animation_mobile&quot;:&quot;fadeIn&quot;}\">\n\t\t\t\t\t\t\t<div class=\"elementor-background-overlay\"><\/div>\n\t\t\t\t\t\t\t<div class=\"elementor-container elementor-column-gap-extended\">\n\t\t\t\t\t<div class=\"elementor-column elementor-col-33 elementor-top-column elementor-element elementor-element-aa48c0e\" data-id=\"aa48c0e\" data-element_type=\"column\">\n\t\t\t<div class=\"elementor-widget-wrap\">\n\t\t\t\t\t\t\t<\/div>\n\t\t<\/div>\n\t\t\t\t<div class=\"elementor-column elementor-col-33 elementor-top-column elementor-element elementor-element-9eb7e75\" data-id=\"9eb7e75\" data-element_type=\"column\">\n\t\t\t<div class=\"elementor-widget-wrap\">\n\t\t\t\t\t\t\t<\/div>\n\t\t<\/div>\n\t\t\t\t<div class=\"elementor-column elementor-col-33 elementor-top-column elementor-element elementor-element-15da4b9\" data-id=\"15da4b9\" data-element_type=\"column\">\n\t\t\t<div class=\"elementor-widget-wrap\">\n\t\t\t\t\t\t\t<\/div>\n\t\t<\/div>\n\t\t\t\t\t<\/div>\n\t\t<\/section>\n\t\t\t\t<section class=\"elementor-section elementor-top-section elementor-element elementor-element-4752021 qodef-elementor-content-grid elementor-section-full_width elementor-section-height-min-height elementor-section-stretched animated-slow elementor-section-height-default elementor-section-items-middle elementor-invisible\" data-id=\"4752021\" data-element_type=\"section\" data-settings=\"{&quot;stretch_section&quot;:&quot;section-stretched&quot;,&quot;background_background&quot;:&quot;classic&quot;,&quot;animation&quot;:&quot;fadeIn&quot;,&quot;animation_tablet&quot;:&quot;fadeIn&quot;}\">\n\t\t\t\t\t\t\t<div class=\"elementor-background-overlay\"><\/div>\n\t\t\t\t\t\t\t<div class=\"elementor-container elementor-column-gap-default\">\n\t\t\t\t\t<div class=\"elementor-column elementor-col-100 elementor-top-column elementor-element elementor-element-7c262e6\" data-id=\"7c262e6\" data-element_type=\"column\">\n\t\t\t<div class=\"elementor-widget-wrap elementor-element-populated\">\n\t\t\t\t\t\t<div class=\"elementor-element elementor-element-6a8bbab elementor-widget elementor-widget-heading\" data-id=\"6a8bbab\" data-element_type=\"widget\" data-settings=\"{&quot;_animation_mobile&quot;:&quot;fadeIn&quot;}\" data-widget_type=\"heading.default\">\n\t\t\t\t<div class=\"elementor-widget-container\">\n\t\t\t<h2 class=\"elementor-heading-title elementor-size-default\">Le nostre radici<\/h2>\t\t<\/div>\n\t\t\t\t<\/div>\n\t\t\t\t<div class=\"elementor-element elementor-element-9831fda elementor-widget elementor-widget-text-editor\" data-id=\"9831fda\" data-element_type=\"widget\" data-settings=\"{&quot;_animation_mobile&quot;:&quot;fadeIn&quot;}\" data-widget_type=\"text-editor.default\">\n\t\t\t\t<div class=\"elementor-widget-container\">\n\t\t\t<style>\/*! elementor - v3.22.0 - 17-06-2024 *\/\n.elementor-widget-text-editor.elementor-drop-cap-view-stacked .elementor-drop-cap{background-color:#69727d;color:#fff}.elementor-widget-text-editor.elementor-drop-cap-view-framed .elementor-drop-cap{color:#69727d;border:3px solid;background-color:transparent}.elementor-widget-text-editor:not(.elementor-drop-cap-view-default) .elementor-drop-cap{margin-top:8px}.elementor-widget-text-editor:not(.elementor-drop-cap-view-default) .elementor-drop-cap-letter{width:1em;height:1em}.elementor-widget-text-editor .elementor-drop-cap{float:left;text-align:center;line-height:1;font-size:50px}.elementor-widget-text-editor .elementor-drop-cap-letter{display:inline-block}<\/style>\t\t\t\t<p><span style=\"font-weight: 400;\">L\u2019avventura comincia con la pizzeria \u201cLa Carovana\u201d che abbiamo gestito con soddisfazione per oltre quarant'anni. Come orgogliosi nativi di Montappone sentivamo l\u2019esigenza e l\u2019importanza di riportare in vita un pezzo vitale della storia locale.\u00a0<br \/><br \/>Come ogni grande progetto tutto parte da un ideale: restituire qualcosa di significativo al paese, alla collettivit\u00e0, al territorio. Far rivivere uno spazio abbandonato e creare qualcosa che emani storia antica e storie nuove, immagini sempre sorprendenti anche nella loro immutabilit\u00e0, profumi talvolta dimenticati, sapori ritrovati.<br \/><\/span><\/p><p><span style=\"font-weight: 400;\">Nel 2010 la nostra famiglia, guidata da babbo Franco e mamma Gabriella Riccucci, acquista il castello medievale in completo stato di abbandono, situato nel punto pi\u00f9 alto del paese.<\/span><\/p><p><span style=\"font-weight: 400;\">In quel momento il castello diventa, letteralmente, una questione di famiglia: tutti i membri diventano parte attiva del progetto, ognuno con una mansione specifica.<\/span><\/p><p><span style=\"font-weight: 400;\">Un hotel e ristorante in un edificio storico immerso nella campagna marchigiana, un sogno ad occhi aperti con tante sfide da superare per essere realizzato.<br \/><br \/>Come ogni grande progetto tutto parte da un ideale: restituire qualcosa di significativo al paese, alla collettivit\u00e0, al territorio. Far rivivere uno spazio abbandonato e creare qualcosa che emani storia antica e storie nuove, immagini sempre sorprendenti anche nella loro immutabilit\u00e0, profumi talvolta dimenticati, sapori ritrovati.<br \/><\/span><\/p>\t\t\t\t\t\t<\/div>\n\t\t\t\t<\/div>\n\t\t\t\t<div class=\"elementor-element elementor-element-b24b8ca elementor-widget elementor-widget-image\" data-id=\"b24b8ca\" data-element_type=\"widget\" data-settings=\"{&quot;_animation_mobile&quot;:&quot;fadeIn&quot;}\" data-widget_type=\"image.default\">\n\t\t\t\t<div class=\"elementor-widget-container\">\n\t\t\t<style>\/*! elementor - v3.22.0 - 17-06-2024 *\/\n.elementor-widget-image{text-align:center}.elementor-widget-image a{display:inline-block}.elementor-widget-image a img[src$=\".svg\"]{width:48px}.elementor-widget-image img{vertical-align:middle;display:inline-block}<\/style>\t\t\t\t\t\t\t\t\t\t<img decoding=\"async\" src=\"https:\/\/www.palazzoriccucci.com\/wp-content\/uploads\/elementor\/thumbs\/AboutUsSignature-2-qq7zmhsu1i8xlr7z2rwso94rsj78ktuuvjr25m56c6.png\" title=\"AboutUsSignature-2\" alt=\"AboutUsSignature-2\" loading=\"lazy\" \/>\t\t\t\t\t\t\t\t\t\t\t\t\t<\/div>\n\t\t\t\t<\/div>\n\t\t\t\t\t<\/div>\n\t\t<\/div>\n\t\t\t\t\t<\/div>\n\t\t<\/section>\n\t\t\t\t<section class=\"elementor-section elementor-top-section elementor-element elementor-element-7a59b4f qodef-elementor-content-grid elementor-section-full_width elementor-section-stretched animated-slow elementor-section-height-default elementor-section-height-default elementor-invisible\" data-id=\"7a59b4f\" data-element_type=\"section\" data-settings=\"{&quot;stretch_section&quot;:&quot;section-stretched&quot;,&quot;background_background&quot;:&quot;classic&quot;,&quot;animation&quot;:&quot;fadeIn&quot;,&quot;animation_tablet&quot;:&quot;fadeIn&quot;,&quot;animation_mobile&quot;:&quot;fadeIn&quot;}\">\n\t\t\t\t\t\t\t<div class=\"elementor-background-overlay\"><\/div>\n\t\t\t\t\t\t\t<div class=\"elementor-container elementor-column-gap-extended\">\n\t\t\t\t\t<div class=\"elementor-column elementor-col-100 elementor-top-column elementor-element elementor-element-03b5d09\" data-id=\"03b5d09\" data-element_type=\"column\">\n\t\t\t<div class=\"elementor-widget-wrap elementor-element-populated\">\n\t\t\t\t\t\t<div class=\"elementor-element elementor-element-536ae54 elementor-widget elementor-widget-heading\" data-id=\"536ae54\" data-element_type=\"widget\" data-widget_type=\"heading.default\">\n\t\t\t\t<div class=\"elementor-widget-container\">\n\t\t\t<h3 class=\"elementor-heading-title elementor-size-default\">Lo staff<\/h3>\t\t<\/div>\n\t\t\t\t<\/div>\n\t\t\t\t\t<\/div>\n\t\t<\/div>\n\t\t\t\t\t<\/div>\n\t\t<\/section>\n\t\t<div class=\"elementor-element elementor-element-4d2d93d elementor-hidden-tablet elementor-hidden-mobile e-con-full animated-slow e-flex elementor-invisible e-con e-parent\" data-id=\"4d2d93d\" data-element_type=\"container\" data-settings=\"{&quot;background_background&quot;:&quot;classic&quot;,&quot;animation&quot;:&quot;fadeInLeft&quot;}\">\n\t\t<div class=\"elementor-element elementor-element-f512fe5 e-con-full e-flex e-con e-child\" data-id=\"f512fe5\" data-element_type=\"container\" data-settings=\"{&quot;background_background&quot;:&quot;classic&quot;}\">\n\t\t\t\t<\/div>\n\t\t<div class=\"elementor-element elementor-element-11037f5 e-con-full e-flex e-con e-child\" data-id=\"11037f5\" data-element_type=\"container\" data-settings=\"{&quot;background_background&quot;:&quot;classic&quot;}\">\n\t\t\t\t<div class=\"elementor-element elementor-element-f5200e2 elementor-widget__width-initial elementor-widget-mobile__width-inherit elementor-widget elementor-widget-richmond_core_section_title\" data-id=\"f5200e2\" data-element_type=\"widget\" data-widget_type=\"richmond_core_section_title.default\">\n\t\t\t\t<div class=\"elementor-widget-container\">\n\t\t\t<div class=\"qodef-shortcode qodef-m  qodef-section-title qodef-alignment--left   qodef-subtitle-position--bottom\">\n    \t\t<h3 class=\"qodef-m-title\" >\n\t\t\t\t\tFabiola Costanzi\t\t\t<\/h3>\n\t\t\t<p class=\"qodef-m-text\" >Fabiola \u00e8 la nostra direttrice generale e grazie alla sua ostinata etica del lavoro \u00e8 stata con noi fin dall\u2019inizio. Originale e piena di idee, non c\u2019\u00e8 richiesta che non possa soddisfare! Ama soprattutto ascoltare e comprendere le esigenze e priorit\u00e0 di ogni singolo ospite. Come sommelier ha un gusto impeccabile per il vino e spesso aiuta a scegliere le migliori bottiglie.<\/p>\n<\/div>\n\t\t<\/div>\n\t\t\t\t<\/div>\n\t\t\t\t<\/div>\n\t\t\t\t<\/div>\n\t\t<div class=\"elementor-element elementor-element-6e207d3 elementor-hidden-tablet elementor-hidden-mobile e-con-full animated-slow e-flex elementor-invisible e-con e-parent\" data-id=\"6e207d3\" data-element_type=\"container\" data-settings=\"{&quot;background_background&quot;:&quot;classic&quot;,&quot;animation&quot;:&quot;fadeInRight&quot;}\">\n\t\t<div class=\"elementor-element elementor-element-643c97d e-con-full e-flex e-con e-child\" data-id=\"643c97d\" data-element_type=\"container\" data-settings=\"{&quot;background_background&quot;:&quot;classic&quot;}\">\n\t\t\t\t<div class=\"elementor-element elementor-element-caaeb29 elementor-widget__width-initial elementor-widget-mobile__width-inherit elementor-widget elementor-widget-richmond_core_section_title\" data-id=\"caaeb29\" data-element_type=\"widget\" data-widget_type=\"richmond_core_section_title.default\">\n\t\t\t\t<div class=\"elementor-widget-container\">\n\t\t\t<div class=\"qodef-shortcode qodef-m  qodef-section-title qodef-alignment--right   qodef-subtitle-position--bottom\">\n    \t\t<h3 class=\"qodef-m-title\" >\n\t\t\t\t\tMaicol Riccucci\t\t\t<\/h3>\n\t\t\t<p class=\"qodef-m-text\" >Maicol \u00e8 il cuore pulsante di Palazzo Riccucci!\nCapo chef e Titolare insieme alla sua Famiglia, ha visto posare la prima pietra del nostro hotel e mette cuore e dedizione in ogni cosa che fa. Ama creare deliziosi piatti che riflettono le radici culinarie marchigiane ed \u00e8 molto attento alla qualit\u00e0 e stagionalit\u00e0 di tutti gli ingredienti che entrano nella sua cucina.<\/p>\n<\/div>\n\t\t<\/div>\n\t\t\t\t<\/div>\n\t\t\t\t<\/div>\n\t\t<div class=\"elementor-element elementor-element-e7c882b e-con-full e-flex e-con e-child\" data-id=\"e7c882b\" data-element_type=\"container\" data-settings=\"{&quot;background_background&quot;:&quot;classic&quot;}\">\n\t\t\t\t<div class=\"elementor-element elementor-element-bf95559 elementor-widget elementor-widget-image\" data-id=\"bf95559\" data-element_type=\"widget\" data-widget_type=\"image.default\">\n\t\t\t\t<div class=\"elementor-widget-container\">\n\t\t\t\t\t\t\t\t\t\t\t\t\t<img decoding=\"async\" src=\"https:\/\/www.palazzoriccucci.com\/wp-content\/uploads\/elementor\/thumbs\/Family-Maicol-sized-square-qu7778bwntxnoposbwirntv8sk7z05llqw74l92neo.jpg\" title=\"Family-Maicol-sized-square\" alt=\"Family-Maicol-sized-square\" loading=\"lazy\" \/>\t\t\t\t\t\t\t\t\t\t\t\t\t<\/div>\n\t\t\t\t<\/div>\n\t\t\t\t<\/div>\n\t\t\t\t<\/div>\n\t\t<div class=\"elementor-element elementor-element-d1be7d8 elementor-hidden-tablet elementor-hidden-mobile e-con-full animated-slow e-flex elementor-invisible e-con e-parent\" data-id=\"d1be7d8\" data-element_type=\"container\" data-settings=\"{&quot;background_background&quot;:&quot;classic&quot;,&quot;animation&quot;:&quot;fadeInLeft&quot;}\">\n\t\t<div class=\"elementor-element elementor-element-13418bd e-con-full e-flex e-con e-child\" data-id=\"13418bd\" data-element_type=\"container\" data-settings=\"{&quot;background_background&quot;:&quot;classic&quot;}\">\n\t\t\t\t<\/div>\n\t\t<div class=\"elementor-element elementor-element-d3e8d42 e-con-full e-flex e-con e-child\" data-id=\"d3e8d42\" data-element_type=\"container\" data-settings=\"{&quot;background_background&quot;:&quot;classic&quot;}\">\n\t\t\t\t<div class=\"elementor-element elementor-element-8008228 elementor-widget__width-initial elementor-widget-mobile__width-inherit elementor-widget elementor-widget-richmond_core_section_title\" data-id=\"8008228\" data-element_type=\"widget\" data-widget_type=\"richmond_core_section_title.default\">\n\t\t\t\t<div class=\"elementor-widget-container\">\n\t\t\t<div class=\"qodef-shortcode qodef-m  qodef-section-title qodef-alignment--left   qodef-subtitle-position--bottom\">\n    \t\t<h3 class=\"qodef-m-title\" >\n\t\t\t\t\tCristiano Riccucci\t\t\t<\/h3>\n\t\t\t<p class=\"qodef-m-text\" >Cristiano, fratello di Maicol, \u00e8 Titolare e si occupa della gestione del nostro hotel e del ristorante-pizzeria \u201cLa Carovana\u201d. Si assicura che tutti gli ospiti siano trattati con la massima attenzione e garantisce loro il massimo comfort.<\/p>\n<\/div>\n\t\t<\/div>\n\t\t\t\t<\/div>\n\t\t\t\t<\/div>\n\t\t\t\t<\/div>\n\t\t\t\t<section class=\"elementor-section elementor-top-section elementor-element elementor-element-52ce110 elementor-section-full_width elementor-section-content-middle elementor-section-stretched elementor-hidden-desktop elementor-section-height-default elementor-section-height-default qodef-elementor-content-no\" data-id=\"52ce110\" data-element_type=\"section\" data-settings=\"{&quot;stretch_section&quot;:&quot;section-stretched&quot;,&quot;background_background&quot;:&quot;classic&quot;}\">\n\t\t\t\t\t\t<div class=\"elementor-container elementor-column-gap-extended\">\n\t\t\t\t\t<div class=\"elementor-column elementor-col-100 elementor-top-column elementor-element elementor-element-12d7517\" data-id=\"12d7517\" data-element_type=\"column\">\n\t\t\t<div class=\"elementor-widget-wrap elementor-element-populated\">\n\t\t\t\t\t\t<div class=\"elementor-element elementor-element-8a0e184 elementor-widget elementor-widget-qi_addons_for_elementor_image_gallery_masonry\" data-id=\"8a0e184\" data-element_type=\"widget\" data-widget_type=\"qi_addons_for_elementor_image_gallery_masonry.default\">\n\t\t\t\t<div class=\"elementor-widget-container\">\n\t\t\t<div class=\"qodef-shortcode qodef-m  qodef-qi-image-gallery-masonry  qodef-image--hover-zoom  qodef-qi-grid qodef-layout--qi-masonry qodef-items--fixed qodef-col-num--1   qodef-responsive--predefined\">\n\t<div class=\"qodef-grid-inner\">\n\t\t\t<div class=\"qodef-qi-grid-masonry-sizer\"><\/div>\n<div class=\"qodef-e qodef-image-wrapper qodef-grid-item qodef-item--square\">\n\t<div class=\"qodef-e-inner\">\n\t\t\t\t\t<img fetchpriority=\"high\" decoding=\"async\" width=\"650\" height=\"650\" src=\"https:\/\/www.palazzoriccucci.com\/wp-content\/uploads\/2024\/09\/ELC_8369-1-650x650.jpg\" class=\"attachment-qi_addons_for_elementor_image_size_square size-qi_addons_for_elementor_image_size_square\" alt=\"\" srcset=\"https:\/\/www.palazzoriccucci.com\/wp-content\/uploads\/2024\/09\/ELC_8369-1-650x650.jpg 650w, https:\/\/www.palazzoriccucci.com\/wp-content\/uploads\/2024\/09\/ELC_8369-1-150x150.jpg 150w, https:\/\/www.palazzoriccucci.com\/wp-content\/uploads\/2024\/09\/ELC_8369-1-300x300.jpg 300w, https:\/\/www.palazzoriccucci.com\/wp-content\/uploads\/2024\/09\/ELC_8369-1-100x100.jpg 100w\" sizes=\"(max-width: 650px) 100vw, 650px\" \/>\t\t\t<\/div>\n<\/div>\n\t<\/div>\n<\/div>\n\t\t<\/div>\n\t\t\t\t<\/div>\n\t\t\t\t<div class=\"elementor-element elementor-element-24a1e2c elementor-widget__width-inherit elementor-widget elementor-widget-richmond_core_section_title\" data-id=\"24a1e2c\" data-element_type=\"widget\" data-settings=\"{&quot;_animation_tablet&quot;:&quot;fadeIn&quot;,&quot;_animation_mobile&quot;:&quot;fadeIn&quot;}\" data-widget_type=\"richmond_core_section_title.default\">\n\t\t\t\t<div class=\"elementor-widget-container\">\n\t\t\t<div class=\"qodef-shortcode qodef-m  qodef-section-title qodef-alignment--left   qodef-subtitle-position--bottom\">\n    \t\t<h5 class=\"qodef-m-title\" style=\"color: #E2AD00\">\n\t\t\t\t\tFabiola Costanzi\t\t\t<\/h5>\n\t\t\t<p class=\"qodef-m-text\" style=\"color: #515151\">Fabiola \u00e8 la nostra direttrice generale e grazie alla sua ostinata etica del lavoro \u00e8 stata con noi fin dall\u2019inizio. Originale e piena di idee, non c\u2019\u00e8 richiesta che non possa soddisfare! Ama soprattutto ascoltare e comprendere le esigenze e priorit\u00e0 di ogni singolo ospite. Come sommelier ha un gusto impeccabile per il vino e spesso aiuta a scegliere le migliori bottiglie.<\/p>\n<\/div>\n\t\t<\/div>\n\t\t\t\t<\/div>\n\t\t\t\t\t<\/div>\n\t\t<\/div>\n\t\t\t\t\t<\/div>\n\t\t<\/section>\n\t\t\t\t<section class=\"elementor-section elementor-top-section elementor-element elementor-element-6cf831f elementor-section-full_width elementor-section-content-middle elementor-section-stretched elementor-hidden-desktop elementor-section-height-default elementor-section-height-default qodef-elementor-content-no\" data-id=\"6cf831f\" data-element_type=\"section\" data-settings=\"{&quot;stretch_section&quot;:&quot;section-stretched&quot;,&quot;background_background&quot;:&quot;classic&quot;}\">\n\t\t\t\t\t\t<div class=\"elementor-container elementor-column-gap-extended\">\n\t\t\t\t\t<div class=\"elementor-column elementor-col-100 elementor-top-column elementor-element elementor-element-b352bb7\" data-id=\"b352bb7\" data-element_type=\"column\">\n\t\t\t<div class=\"elementor-widget-wrap elementor-element-populated\">\n\t\t\t\t\t\t<div class=\"elementor-element elementor-element-c8a9e22 elementor-widget elementor-widget-qi_addons_for_elementor_image_gallery_masonry\" data-id=\"c8a9e22\" data-element_type=\"widget\" data-widget_type=\"qi_addons_for_elementor_image_gallery_masonry.default\">\n\t\t\t\t<div class=\"elementor-widget-container\">\n\t\t\t<div class=\"qodef-shortcode qodef-m  qodef-qi-image-gallery-masonry  qodef-image--hover-zoom  qodef-qi-grid qodef-layout--qi-masonry qodef-items--fixed qodef-col-num--1   qodef-responsive--predefined\">\n\t<div class=\"qodef-grid-inner\">\n\t\t\t<div class=\"qodef-qi-grid-masonry-sizer\"><\/div>\n<div class=\"qodef-e qodef-image-wrapper qodef-grid-item qodef-item--square\">\n\t<div class=\"qodef-e-inner\">\n\t\t\t\t\t<img decoding=\"async\" width=\"650\" height=\"650\" src=\"https:\/\/www.palazzoriccucci.com\/wp-content\/uploads\/2024\/09\/Family-Maicol-sized-square.jpg\" class=\"attachment-qi_addons_for_elementor_image_size_square size-qi_addons_for_elementor_image_size_square\" alt=\"\" srcset=\"https:\/\/www.palazzoriccucci.com\/wp-content\/uploads\/2024\/09\/Family-Maicol-sized-square.jpg 650w, https:\/\/www.palazzoriccucci.com\/wp-content\/uploads\/2024\/09\/Family-Maicol-sized-square-300x300.jpg 300w, https:\/\/www.palazzoriccucci.com\/wp-content\/uploads\/2024\/09\/Family-Maicol-sized-square-150x150.jpg 150w, https:\/\/www.palazzoriccucci.com\/wp-content\/uploads\/2024\/09\/Family-Maicol-sized-square-600x600.jpg 600w, https:\/\/www.palazzoriccucci.com\/wp-content\/uploads\/2024\/09\/Family-Maicol-sized-square-100x100.jpg 100w\" sizes=\"(max-width: 650px) 100vw, 650px\" \/>\t\t\t<\/div>\n<\/div>\n\t<\/div>\n<\/div>\n\t\t<\/div>\n\t\t\t\t<\/div>\n\t\t\t\t<div class=\"elementor-element elementor-element-9c2e5f8 elementor-widget__width-inherit elementor-widget elementor-widget-richmond_core_section_title\" data-id=\"9c2e5f8\" data-element_type=\"widget\" data-settings=\"{&quot;_animation_tablet&quot;:&quot;fadeIn&quot;,&quot;_animation_mobile&quot;:&quot;fadeIn&quot;}\" data-widget_type=\"richmond_core_section_title.default\">\n\t\t\t\t<div class=\"elementor-widget-container\">\n\t\t\t<div class=\"qodef-shortcode qodef-m  qodef-section-title qodef-alignment--left   qodef-subtitle-position--bottom\">\n    \t\t<h5 class=\"qodef-m-title\" style=\"color: #E2AD00\">\n\t\t\t\t\tMaicol Riccucci\t\t\t<\/h5>\n\t\t\t<p class=\"qodef-m-text\" style=\"color: #515151\">Maicol \u00e8 il cuore pulsante di Palazzo Riccucci!\nCapo chef e Titolare insieme alla sua Famiglia, ha visto posare la prima pietra del nostro hotel e mette cuore e dedizione in ogni cosa che fa. Ama creare deliziosi piatti che riflettono le radici culinarie marchigiane ed \u00e8 molto attento alla qualit\u00e0 e stagionalit\u00e0 di tutti gli ingredienti che entrano nella sua cucina.\n<\/p>\n<\/div>\n\t\t<\/div>\n\t\t\t\t<\/div>\n\t\t\t\t\t<\/div>\n\t\t<\/div>\n\t\t\t\t\t<\/div>\n\t\t<\/section>\n\t\t\t\t<section class=\"elementor-section elementor-top-section elementor-element elementor-element-aa64693 elementor-section-full_width elementor-section-content-middle elementor-section-stretched elementor-hidden-desktop elementor-section-height-default elementor-section-height-default qodef-elementor-content-no\" data-id=\"aa64693\" data-element_type=\"section\" data-settings=\"{&quot;stretch_section&quot;:&quot;section-stretched&quot;,&quot;background_background&quot;:&quot;classic&quot;}\">\n\t\t\t\t\t\t<div class=\"elementor-container elementor-column-gap-extended\">\n\t\t\t\t\t<div class=\"elementor-column elementor-col-100 elementor-top-column elementor-element elementor-element-bb772b6\" data-id=\"bb772b6\" data-element_type=\"column\">\n\t\t\t<div class=\"elementor-widget-wrap elementor-element-populated\">\n\t\t\t\t\t\t<div class=\"elementor-element elementor-element-8e260f4 elementor-widget elementor-widget-qi_addons_for_elementor_image_gallery_masonry\" data-id=\"8e260f4\" data-element_type=\"widget\" data-widget_type=\"qi_addons_for_elementor_image_gallery_masonry.default\">\n\t\t\t\t<div class=\"elementor-widget-container\">\n\t\t\t<div class=\"qodef-shortcode qodef-m  qodef-qi-image-gallery-masonry  qodef-image--hover-zoom  qodef-qi-grid qodef-layout--qi-masonry qodef-items--fixed qodef-col-num--1   qodef-responsive--predefined\">\n\t<div class=\"qodef-grid-inner\">\n\t\t\t<div class=\"qodef-qi-grid-masonry-sizer\"><\/div>\n<div class=\"qodef-e qodef-image-wrapper qodef-grid-item qodef-item--square\">\n\t<div class=\"qodef-e-inner\">\n\t\t\t\t\t<img decoding=\"async\" width=\"650\" height=\"650\" src=\"https:\/\/www.palazzoriccucci.com\/wp-content\/uploads\/2024\/09\/ELC_8788-1-650x650.jpg\" class=\"attachment-qi_addons_for_elementor_image_size_square size-qi_addons_for_elementor_image_size_square\" alt=\"\" srcset=\"https:\/\/www.palazzoriccucci.com\/wp-content\/uploads\/2024\/09\/ELC_8788-1-650x650.jpg 650w, https:\/\/www.palazzoriccucci.com\/wp-content\/uploads\/2024\/09\/ELC_8788-1-150x150.jpg 150w, https:\/\/www.palazzoriccucci.com\/wp-content\/uploads\/2024\/09\/ELC_8788-1-300x300.jpg 300w, https:\/\/www.palazzoriccucci.com\/wp-content\/uploads\/2024\/09\/ELC_8788-1-100x100.jpg 100w\" sizes=\"(max-width: 650px) 100vw, 650px\" \/>\t\t\t<\/div>\n<\/div>\n\t<\/div>\n<\/div>\n\t\t<\/div>\n\t\t\t\t<\/div>\n\t\t\t\t<div class=\"elementor-element elementor-element-f5492eb elementor-widget__width-inherit elementor-widget elementor-widget-richmond_core_section_title\" data-id=\"f5492eb\" data-element_type=\"widget\" data-settings=\"{&quot;_animation_tablet&quot;:&quot;fadeIn&quot;,&quot;_animation_mobile&quot;:&quot;fadeIn&quot;}\" data-widget_type=\"richmond_core_section_title.default\">\n\t\t\t\t<div class=\"elementor-widget-container\">\n\t\t\t<div class=\"qodef-shortcode qodef-m  qodef-section-title qodef-alignment--left   qodef-subtitle-position--bottom\">\n    \t\t<h5 class=\"qodef-m-title\" style=\"color: #E2AD00\">\n\t\t\t\t\tCristiano Riccucci\t\t\t<\/h5>\n\t\t\t<p class=\"qodef-m-text\" style=\"color: #515151\">Cristiano, fratello di Maicol, \u00e8 Titolare e si occupa della gestione del nostro hotel e del ristorante-pizzeria \u201cLa Carovana\u201d. Si assicura che tutti gli ospiti siano trattati con la massima attenzione e garantisce loro il massimo comfort.<\/p>\n<\/div>\n\t\t<\/div>\n\t\t\t\t<\/div>\n\t\t\t\t\t<\/div>\n\t\t<\/div>\n\t\t\t\t\t<\/div>\n\t\t<\/section>\n\t\t<div class=\"elementor-element elementor-element-382cbe8 e-flex e-con-boxed e-con e-parent\" data-id=\"382cbe8\" data-element_type=\"container\">\n\t\t\t\t\t<div class=\"e-con-inner\">\n\t\t\t\t\t<\/div>\n\t\t\t\t<\/div>\n\t\t\t\t<\/div>\n\t\t","protected":false},"excerpt":{"rendered":"<p>LA NOSTRA STORIA La nostra storia \u00e8 unica e fortemente radicata nel territorio. Le nostre radici L\u2019avventura comincia con la pizzeria \u201cLa Carovana\u201d che abbiamo gestito con soddisfazione per oltre quarant'anni. Come orgogliosi nativi di Montappone sentivamo l\u2019esigenza e l\u2019importanza di riportare in vita un pezzo vitale della storia locale.\u00a0 Come ogni grande progetto tutto [&hellip;]<\/p>\n","protected":false},"author":1,"featured_media":0,"parent":0,"menu_order":0,"comment_status":"closed","ping_status":"closed","template":"elementor_header_footer","meta":{"footnotes":""},"class_list":["post-8196","page","type-page","status-publish","hentry"],"yoast_head":"<!-- This site is optimized with the Yoast SEO plugin v23.4 - https:\/\/yoast.com\/wordpress\/plugins\/seo\/ -->\n<title>La nostre radici - Palazzo Riccucci<\/title>\n<meta name=\"description\" content=\"La nostra storia \u00e8 fortemente radicata nel territorio. Vogliamo creare qualcosa che emani storia antica e storie nuove, immagini sempre sorprendenti anche nella loro immutabilit\u00e0, profumi talvolta dimenticati, sapori ritrovati.\" \/>\n<meta name=\"robots\" content=\"index, follow, max-snippet:-1, max-image-preview:large, max-video-preview:-1\" \/>\n<link rel=\"canonical\" href=\"https:\/\/www.palazzoriccucci.com\/it\/la-nostra-famiglia\" \/>\n<meta property=\"og:locale\" content=\"it_IT\" \/>\n<meta property=\"og:type\" content=\"article\" \/>\n<meta property=\"og:title\" content=\"La nostre radici - Palazzo Riccucci\" \/>\n<meta property=\"og:description\" content=\"La nostra storia \u00e8 fortemente radicata nel territorio. Vogliamo creare qualcosa che emani storia antica e storie nuove, immagini sempre sorprendenti anche nella loro immutabilit\u00e0, profumi talvolta dimenticati, sapori ritrovati.\" \/>\n<meta property=\"og:url\" content=\"https:\/\/www.palazzoriccucci.com\/it\/la-nostra-famiglia\" \/>\n<meta property=\"og:site_name\" content=\"Palazzo Riccucci\" \/>\n<meta property=\"article:publisher\" content=\"https:\/\/www.facebook.com\/palazzoriccucci\" \/>\n<meta property=\"article:modified_time\" content=\"2024-10-17T09:33:23+00:00\" \/>\n<meta property=\"og:image\" content=\"https:\/\/www.palazzoriccucci.com\/wp-content\/uploads\/elementor\/thumbs\/AboutUsSignature-2-qq7zmhsu1i8xlr7z2rwso94rsj78ktuuvjr25m56c6.png\" \/>\n<meta name=\"twitter:card\" content=\"summary_large_image\" \/>\n<meta name=\"twitter:label1\" content=\"Tempo di lettura stimato\" \/>\n\t<meta name=\"twitter:data1\" content=\"4 minuti\" \/>\n<script type=\"application\/ld+json\" class=\"yoast-schema-graph\">{\"@context\":\"https:\/\/schema.org\",\"@graph\":[{\"@type\":\"WebPage\",\"@id\":\"https:\/\/www.palazzoriccucci.com\/it\/la-nostra-famiglia\",\"url\":\"https:\/\/www.palazzoriccucci.com\/it\/la-nostra-famiglia\",\"name\":\"La nostre radici - Palazzo Riccucci\",\"isPartOf\":{\"@id\":\"https:\/\/www.palazzoriccucci.com\/it\/#website\"},\"primaryImageOfPage\":{\"@id\":\"https:\/\/www.palazzoriccucci.com\/it\/la-nostra-famiglia#primaryimage\"},\"image\":{\"@id\":\"https:\/\/www.palazzoriccucci.com\/it\/la-nostra-famiglia#primaryimage\"},\"thumbnailUrl\":\"https:\/\/www.palazzoriccucci.com\/wp-content\/uploads\/elementor\/thumbs\/AboutUsSignature-2-qq7zmhsu1i8xlr7z2rwso94rsj78ktuuvjr25m56c6.png\",\"datePublished\":\"2024-06-26T09:08:40+00:00\",\"dateModified\":\"2024-10-17T09:33:23+00:00\",\"description\":\"La nostra storia \u00e8 fortemente radicata nel territorio. Vogliamo creare qualcosa che emani storia antica e storie nuove, immagini sempre sorprendenti anche nella loro immutabilit\u00e0, profumi talvolta dimenticati, sapori ritrovati.\",\"breadcrumb\":{\"@id\":\"https:\/\/www.palazzoriccucci.com\/it\/la-nostra-famiglia#breadcrumb\"},\"inLanguage\":\"it-IT\",\"potentialAction\":[{\"@type\":\"ReadAction\",\"target\":[\"https:\/\/www.palazzoriccucci.com\/it\/la-nostra-famiglia\"]}]},{\"@type\":\"ImageObject\",\"inLanguage\":\"it-IT\",\"@id\":\"https:\/\/www.palazzoriccucci.com\/it\/la-nostra-famiglia#primaryimage\",\"url\":\"https:\/\/www.palazzoriccucci.com\/wp-content\/uploads\/elementor\/thumbs\/AboutUsSignature-2-qq7zmhsu1i8xlr7z2rwso94rsj78ktuuvjr25m56c6.png\",\"contentUrl\":\"https:\/\/www.palazzoriccucci.com\/wp-content\/uploads\/elementor\/thumbs\/AboutUsSignature-2-qq7zmhsu1i8xlr7z2rwso94rsj78ktuuvjr25m56c6.png\"},{\"@type\":\"BreadcrumbList\",\"@id\":\"https:\/\/www.palazzoriccucci.com\/it\/la-nostra-famiglia#breadcrumb\",\"itemListElement\":[{\"@type\":\"ListItem\",\"position\":1,\"name\":\"Home\",\"item\":\"https:\/\/www.palazzoriccucci.com\/it\"},{\"@type\":\"ListItem\",\"position\":2,\"name\":\"La nostre radici\"}]},{\"@type\":\"WebSite\",\"@id\":\"https:\/\/www.palazzoriccucci.com\/it\/#website\",\"url\":\"https:\/\/www.palazzoriccucci.com\/it\/\",\"name\":\"Palazzo Riccucci\",\"description\":\"\",\"potentialAction\":[{\"@type\":\"SearchAction\",\"target\":{\"@type\":\"EntryPoint\",\"urlTemplate\":\"https:\/\/www.palazzoriccucci.com\/it\/?s={search_term_string}\"},\"query-input\":{\"@type\":\"PropertyValueSpecification\",\"valueRequired\":true,\"valueName\":\"search_term_string\"}}],\"inLanguage\":\"it-IT\"}]}<\/script>\n<!-- \/ Yoast SEO plugin. -->","yoast_head_json":{"title":"La nostre radici - Palazzo Riccucci","description":"La nostra storia \u00e8 fortemente radicata nel territorio. Vogliamo creare qualcosa che emani storia antica e storie nuove, immagini sempre sorprendenti anche nella loro immutabilit\u00e0, profumi talvolta dimenticati, sapori ritrovati.","robots":{"index":"index","follow":"follow","max-snippet":"max-snippet:-1","max-image-preview":"max-image-preview:large","max-video-preview":"max-video-preview:-1"},"canonical":"https:\/\/www.palazzoriccucci.com\/it\/la-nostra-famiglia","og_locale":"it_IT","og_type":"article","og_title":"La nostre radici - Palazzo Riccucci","og_description":"La nostra storia \u00e8 fortemente radicata nel territorio. Vogliamo creare qualcosa che emani storia antica e storie nuove, immagini sempre sorprendenti anche nella loro immutabilit\u00e0, profumi talvolta dimenticati, sapori ritrovati.","og_url":"https:\/\/www.palazzoriccucci.com\/it\/la-nostra-famiglia","og_site_name":"Palazzo Riccucci","article_publisher":"https:\/\/www.facebook.com\/palazzoriccucci","article_modified_time":"2024-10-17T09:33:23+00:00","og_image":[{"url":"https:\/\/www.palazzoriccucci.com\/wp-content\/uploads\/elementor\/thumbs\/AboutUsSignature-2-qq7zmhsu1i8xlr7z2rwso94rsj78ktuuvjr25m56c6.png"}],"twitter_card":"summary_large_image","twitter_misc":{"Tempo di lettura stimato":"4 minuti"},"schema":{"@context":"https:\/\/schema.org","@graph":[{"@type":"WebPage","@id":"https:\/\/www.palazzoriccucci.com\/it\/la-nostra-famiglia","url":"https:\/\/www.palazzoriccucci.com\/it\/la-nostra-famiglia","name":"La nostre radici - Palazzo Riccucci","isPartOf":{"@id":"https:\/\/www.palazzoriccucci.com\/it\/#website"},"primaryImageOfPage":{"@id":"https:\/\/www.palazzoriccucci.com\/it\/la-nostra-famiglia#primaryimage"},"image":{"@id":"https:\/\/www.palazzoriccucci.com\/it\/la-nostra-famiglia#primaryimage"},"thumbnailUrl":"https:\/\/www.palazzoriccucci.com\/wp-content\/uploads\/elementor\/thumbs\/AboutUsSignature-2-qq7zmhsu1i8xlr7z2rwso94rsj78ktuuvjr25m56c6.png","datePublished":"2024-06-26T09:08:40+00:00","dateModified":"2024-10-17T09:33:23+00:00","description":"La nostra storia \u00e8 fortemente radicata nel territorio. Vogliamo creare qualcosa che emani storia antica e storie nuove, immagini sempre sorprendenti anche nella loro immutabilit\u00e0, profumi talvolta dimenticati, sapori ritrovati.","breadcrumb":{"@id":"https:\/\/www.palazzoriccucci.com\/it\/la-nostra-famiglia#breadcrumb"},"inLanguage":"it-IT","potentialAction":[{"@type":"ReadAction","target":["https:\/\/www.palazzoriccucci.com\/it\/la-nostra-famiglia"]}]},{"@type":"ImageObject","inLanguage":"it-IT","@id":"https:\/\/www.palazzoriccucci.com\/it\/la-nostra-famiglia#primaryimage","url":"https:\/\/www.palazzoriccucci.com\/wp-content\/uploads\/elementor\/thumbs\/AboutUsSignature-2-qq7zmhsu1i8xlr7z2rwso94rsj78ktuuvjr25m56c6.png","contentUrl":"https:\/\/www.palazzoriccucci.com\/wp-content\/uploads\/elementor\/thumbs\/AboutUsSignature-2-qq7zmhsu1i8xlr7z2rwso94rsj78ktuuvjr25m56c6.png"},{"@type":"BreadcrumbList","@id":"https:\/\/www.palazzoriccucci.com\/it\/la-nostra-famiglia#breadcrumb","itemListElement":[{"@type":"ListItem","position":1,"name":"Home","item":"https:\/\/www.palazzoriccucci.com\/it"},{"@type":"ListItem","position":2,"name":"La nostre radici"}]},{"@type":"WebSite","@id":"https:\/\/www.palazzoriccucci.com\/it\/#website","url":"https:\/\/www.palazzoriccucci.com\/it\/","name":"Palazzo Riccucci","description":"","potentialAction":[{"@type":"SearchAction","target":{"@type":"EntryPoint","urlTemplate":"https:\/\/www.palazzoriccucci.com\/it\/?s={search_term_string}"},"query-input":{"@type":"PropertyValueSpecification","valueRequired":true,"valueName":"search_term_string"}}],"inLanguage":"it-IT"}]}},"jetpack_sharing_enabled":true,"_links":{"self":[{"href":"https:\/\/www.palazzoriccucci.com\/it\/wp-json\/wp\/v2\/pages\/8196","targetHints":{"allow":["GET"]}}],"collection":[{"href":"https:\/\/www.palazzoriccucci.com\/it\/wp-json\/wp\/v2\/pages"}],"about":[{"href":"https:\/\/www.palazzoriccucci.com\/it\/wp-json\/wp\/v2\/types\/page"}],"author":[{"embeddable":true,"href":"https:\/\/www.palazzoriccucci.com\/it\/wp-json\/wp\/v2\/users\/1"}],"replies":[{"embeddable":true,"href":"https:\/\/www.palazzoriccucci.com\/it\/wp-json\/wp\/v2\/comments?post=8196"}],"version-history":[{"count":310,"href":"https:\/\/www.palazzoriccucci.com\/it\/wp-json\/wp\/v2\/pages\/8196\/revisions"}],"predecessor-version":[{"id":11449,"href":"https:\/\/www.palazzoriccucci.com\/it\/wp-json\/wp\/v2\/pages\/8196\/revisions\/11449"}],"wp:attachment":[{"href":"https:\/\/www.palazzoriccucci.com\/it\/wp-json\/wp\/v2\/media?parent=8196"}],"curies":[{"name":"wp","href":"https:\/\/api.w.org\/{rel}","templated":true}]}}